{"id":4,"date":"2011-03-22T18:14:40","date_gmt":"2011-03-22T18:14:40","guid":{"rendered":"http:\/\/www.praxis-sae.de\/wordpress\/?page_id=4"},"modified":"2023-02-07T17:32:16","modified_gmt":"2023-02-07T17:32:16","slug":"kontakt","status":"publish","type":"page","link":"http:\/\/www.praxis-sae.de\/wordpress\/?page_id=4","title":{"rendered":"Kontakt"},"content":{"rendered":"<div><strong>Dr. G. Steffen-Adler<\/strong><\/div>\n<div>Fach\u00e4rztin f\u00fcr Allgemeinmedizin<\/div>\n<div><strong>Dr. B. Edelhoff<\/strong><\/div>\n<div>Fach\u00e4rztin f\u00fcr Innere Medizin<\/div>\n<div>Am Houiller Platz 2<\/div>\n<div>61381 Friedrichsdorf<\/div>\n<div>Tel.: 06172 &#8211; 266 5234<\/div>\n<div>Fax : 06172 &#8211; 266 5235<\/div>\n<div>\n<p><strong>Akutsprechstunde:<\/strong><\/p>\n<p>Mo, Di, Fr\u00a0\u00a0\u00a0 8 &#8211; 12 Uhr<br \/>\nDo\u00a0\u00a0\u00a0 \u00a0\u00a0\u00a0 \u00a0\u00a0\u00a0 \u00a0\u00a0\u00a0 15 &#8211; 18 Uhr<\/p>\n<\/div>\n<div><strong>Terminsprechstunde:<\/strong><\/div>\n<div>\n<p>Mo, Di\u00a0\u00a0\u00a0 \u00a0\u00a0\u00a0\u00a0 15 &#8211; 17 Uhr<br \/>\nMi\u00a0\u00a0\u00a0 \u00a0\u00a0\u00a0 \u00a0\u00a0\u00a0 \u00a0\u00a0\u00a0 \u00a0 8 &#8211; 11 Uhr<br \/>\nDo\u00a0\u00a0\u00a0\u00a0\u00a0\u00a0\u00a0\u00a0\u00a0\u00a0\u00a0\u00a0\u00a0\u00a0\u00a0\u00a0\u00a0\u00a010:30 \u00a0&#8211; 12 Uhr<\/p>\n<p>sowie nach Vereinbarung<br \/>\nAlle Kassen<small><\/small><\/p>\n<\/div>\n","protected":false},"excerpt":{"rendered":"<p>Dr. G. Steffen-Adler Fach\u00e4rztin f\u00fcr Allgemeinmedizin Dr. B. Edelhoff Fach\u00e4rztin f\u00fcr Innere Medizin Am Houiller Platz 2 61381 Friedrichsdorf Tel.: 06172 &#8211; 266 5234 Fax : 06172 &#8211; 266 5235 Akutsprechstunde: Mo, Di, Fr\u00a0\u00a0\u00a0 8 &#8211; 12 Uhr Do\u00a0\u00a0\u00a0 \u00a0\u00a0\u00a0 \u00a0\u00a0\u00a0 \u00a0\u00a0\u00a0 15 &#8211; 18 Uhr Terminsprechstunde: Mo, Di\u00a0\u00a0\u00a0 \u00a0\u00a0\u00a0\u00a0 15 &#8211; 17 Uhr Mi\u00a0\u00a0\u00a0 [&hellip;]<\/p>\n","protected":false},"author":1,"featured_media":0,"parent":0,"menu_order":0,"comment_status":"closed","ping_status":"closed","template":"","meta":[],"_links":{"self":[{"href":"http:\/\/www.praxis-sae.de\/wordpress\/index.php?rest_route=\/wp\/v2\/pages\/4"}],"collection":[{"href":"http:\/\/www.praxis-sae.de\/wordpress\/index.php?rest_route=\/wp\/v2\/pages"}],"about":[{"href":"http:\/\/www.praxis-sae.de\/wordpress\/index.php?rest_route=\/wp\/v2\/types\/page"}],"author":[{"embeddable":true,"href":"http:\/\/www.praxis-sae.de\/wordpress\/index.php?rest_route=\/wp\/v2\/users\/1"}],"replies":[{"embeddable":true,"href":"http:\/\/www.praxis-sae.de\/wordpress\/index.php?rest_route=%2Fwp%2Fv2%2Fcomments&post=4"}],"version-history":[{"count":64,"href":"http:\/\/www.praxis-sae.de\/wordpress\/index.php?rest_route=\/wp\/v2\/pages\/4\/revisions"}],"predecessor-version":[{"id":714,"href":"http:\/\/www.praxis-sae.de\/wordpress\/index.php?rest_route=\/wp\/v2\/pages\/4\/revisions\/714"}],"wp:attachment":[{"href":"http:\/\/www.praxis-sae.de\/wordpress\/index.php?rest_route=%2Fwp%2Fv2%2Fmedia&parent=4"}],"curies":[{"name":"wp","href":"https:\/\/api.w.org\/{rel}","templated":true}]}}